{"id":8141,"date":"2026-04-24T12:33:53","date_gmt":"2026-04-24T10:33:53","guid":{"rendered":"https:\/\/www.claudinecolin.com\/news\/?page_id=8141"},"modified":"2026-04-29T16:22:15","modified_gmt":"2026-04-29T14:22:15","slug":"page-daccueil-mai-2026","status":"publish","type":"page","link":"https:\/\/www.claudinecolin.com\/news\/fr\/","title":{"rendered":"Page d&rsquo;accueil &#8211; Mai 2026"},"content":{"rendered":"\t\t<div data-elementor-type=\"wp-page\" data-elementor-id=\"8141\" class=\"elementor elementor-8141\" data-elementor-post-type=\"page\">\n\t\t\t\t\t\t<section class=\"elementor-section elementor-top-section elementor-element elementor-element-232cd52c elementor-section-boxed elementor-section-height-default elementor-section-height-default\" data-id=\"232cd52c\" data-element_type=\"section\" data-e-type=\"section\">\n\t\t\t\t\t\t<div class=\"elementor-container elementor-column-gap-default\">\n\t\t\t\t\t<div class=\"elementor-column elementor-col-100 elementor-top-column elementor-element elementor-element-74dfc9f4\" data-id=\"74dfc9f4\" data-element_type=\"column\" data-e-type=\"column\">\n\t\t\t<div class=\"elementor-widget-wrap elementor-element-populated\">\n\t\t\t\t\t\t<div class=\"elementor-element elementor-element-29f603f4 elementor-widget elementor-widget-heading\" data-id=\"29f603f4\" data-element_type=\"widget\" data-e-type=\"widget\" data-widget_type=\"heading.default\">\n\t\t\t\t<div class=\"elementor-widget-container\">\n\t\t\t\t\t<h3 class=\"elementor-heading-title elementor-size-default\">\u00c0 VOIR AU MOIS DE MAI<\/h3>\t\t\t\t<\/div>\n\t\t\t\t<\/div>\n\t\t\t\t<div class=\"elementor-element elementor-element-2fa2b907 elementor-widget elementor-widget-heading\" data-id=\"2fa2b907\" data-element_type=\"widget\" data-e-type=\"widget\" data-widget_type=\"heading.default\">\n\t\t\t\t<div class=\"elementor-widget-container\">\n\t\t\t\t\t<h3 class=\"elementor-heading-title elementor-size-small\">LES \u00c9V\u00c8NEMENTS \u00c0 VENIR<\/h3>\t\t\t\t<\/div>\n\t\t\t\t<\/div>\n\t\t\t\t<div class=\"elementor-element elementor-element-50280f74 elementor-widget elementor-widget-html\" data-id=\"50280f74\" data-element_type=\"widget\" data-e-type=\"widget\" data-widget_type=\"html.default\">\n\t\t\t\t<div class=\"elementor-widget-container\">\n\t\t\t\t\t<style>.e-gallery-item{cursor: pointer;} <\/style>\n\n<script>\ndocument.addEventListener('DOMContentLoaded', function () {\n\nvar filteredImages = document.querySelectorAll('.e-gallery-item');\n\n\/\/Edit the links HERE\nvar links = [\n'https:\/\/www.claudinecolin.com\/fr\/3181-camille-henrot-in-the-veins',\n'https:\/\/www.claudinecolin.com\/fr\/3180-gerhard-richter-overpainted-photographs',\n'https:\/\/www.claudinecolin.com\/fr\/3184-julianknxx-in-search-of-incredible',\n'https:\/\/www.claudinecolin.com\/fr\/3179-verena-paravel-delta',\n'https:\/\/www.claudinecolin.com\/fr\/3182-100-ans-de-cahiers-d-art-et-luma-arles', \n'https:\/\/www.claudinecolin.com\/fr\/3183-archives-hans-ulrich-obrist-chapitre-6-zaha-hadid-je-pense-que-l-experimentation-ne-devrait-pas-avoir-de-fin', \n'https:\/\/www.claudinecolin.com\/fr\/3156-pavillon-du-royaume-du-maroc-a-la-biennale-arte-2026', \n'https:\/\/www.claudinecolin.com\/fr\/3195-le-pavillon-de-la-pologne-a-la-biennale-arte-2026',\n'https:\/\/www.claudinecolin.com\/fr\/3059-arash-nassiri-night-mode',\n'https:\/\/www.claudinecolin.com\/fr\/3193-plumes-du-paradis.-voyages-d-un-oiseau-extraordinaire-de-nouvelle-guinee',\n'https:\/\/www.claudinecolin.com\/fr\/3141-interstellar-re-imaginer-la-terre',\n'https:\/\/www.claudinecolin.com\/fr\/3189-kim-gordon.-stories-for-a-body',\n'https:\/\/www.claudinecolin.com\/fr\/3188-le-murmure-des-libres',\n'https:\/\/www.claudinecolin.com\/fr\/3113-pierre-huyghe'\n];\nvar _loope = function _loope(i) {\nfilteredImages[i].addEventListener('click', function () {\nlocation = links[i];\n});\n};\n\nfor (var i = 0; i < filteredImages.length; i++) {\n_loope(i);\n}\n\n});\n\n<\/script>\t\t\t\t<\/div>\n\t\t\t\t<\/div>\n\t\t\t\t<div class=\"elementor-element elementor-element-48be7926 elementor-widget__width-initial elementor-widget elementor-widget-gallery\" data-id=\"48be7926\" data-element_type=\"widget\" data-e-type=\"widget\" data-settings=\"{&quot;gap&quot;:{&quot;unit&quot;:&quot;px&quot;,&quot;size&quot;:6,&quot;sizes&quot;:[]},&quot;overlay_title&quot;:&quot;title&quot;,&quot;image_hover_animation&quot;:&quot;grow&quot;,&quot;overlay_description&quot;:&quot;description&quot;,&quot;ideal_row_height&quot;:{&quot;unit&quot;:&quot;px&quot;,&quot;size&quot;:285,&quot;sizes&quot;:[]},&quot;gallery_layout&quot;:&quot;justified&quot;,&quot;lazyload&quot;:&quot;yes&quot;,&quot;ideal_row_height_tablet&quot;:{&quot;unit&quot;:&quot;px&quot;,&quot;size&quot;:150,&quot;sizes&quot;:[]},&quot;ideal_row_height_mobile&quot;:{&quot;unit&quot;:&quot;px&quot;,&quot;size&quot;:150,&quot;sizes&quot;:[]},&quot;gap_tablet&quot;:{&quot;unit&quot;:&quot;px&quot;,&quot;size&quot;:10,&quot;sizes&quot;:[]},&quot;gap_mobile&quot;:{&quot;unit&quot;:&quot;px&quot;,&quot;size&quot;:10,&quot;sizes&quot;:[]},&quot;overlay_background&quot;:&quot;yes&quot;,&quot;content_hover_animation&quot;:&quot;fade-in&quot;}\" data-widget_type=\"gallery.default\">\n\t\t\t\t<div class=\"elementor-widget-container\">\n\t\t\t\t\t\t\t\t<div class=\"elementor-gallery__titles-container e--pointer-none\" aria-label=\"Filtre de galerie\">\n\t\t\t\t\n\t\t\t\t\t\t\t\t\t<a class=\"elementor-item elementor-gallery-title\" role=\"button\" tabindex=\"0\" data-gallery-index=\"0\">\n\t\t\t\t\t\t\t\t\t\t\t<\/a>\n\t\t\t\t\t\t\t\t<\/div>\n\t\t\t\t\t<div class=\"elementor-gallery__container\">\n\t\t\t\t\t\t\t<div class=\"e-gallery-item elementor-gallery-item elementor-animated-content\" data-e-gallery-tags=\"0\" tabindex=\"0\">\n\t\t\t\t\t<div class=\"e-gallery-image elementor-gallery-item__image\" data-thumbnail=\"https:\/\/www.claudinecolin.com\/news\/wp-content\/uploads\/2026\/04\/1.Henrot_InTheVeins_still_63-1024x576.jpg\" data-width=\"1024\" data-height=\"576\" aria-label=\"\" role=\"img\" ><\/div>\n\t\t\t\t\t\t\t\t\t\t\t<div class=\"elementor-gallery-item__overlay\"><\/div>\n\t\t\t\t\t\t\t\t\t\t\t\t\t\t\t<div class=\"elementor-gallery-item__content\">\n\t\t\t\t\t\t\t\t\t\t\t\t\t\t<div class=\"elementor-gallery-item__title\">\n\t\t\t\t\t\t\t\t\t\t\t\t\t\t\t\t\t\tCamille Henrot. In The Veins\t\t\t\t\t\t\t\t<\/div>\n\t\t\t\t\t\t\t\t\t\t\t\t\t\t\t<div class=\"elementor-gallery-item__description\">\n\t\t\t\t\t\t\t\t\t\t\t\t\t\t\t\t\t\tLUMA Arles, du 1er mai 2026 au 10 janvier 2027\t\t\t\t\t\t\t\t<\/div>\n\t\t\t\t\t\t\t\t\t\t\t\t<\/div>\n\t\t\t\t\t\t\t\t\t<\/div>\n\t\t\t\t\t\t\t<div class=\"e-gallery-item elementor-gallery-item elementor-animated-content\" data-e-gallery-tags=\"0\" tabindex=\"0\">\n\t\t\t\t\t<div class=\"e-gallery-image elementor-gallery-item__image\" data-thumbnail=\"https:\/\/www.claudinecolin.com\/news\/wp-content\/uploads\/2026\/04\/2.\u00a9-Gerhard-Richter-2026-4497-x-3055-1024x696.jpg\" data-width=\"1024\" data-height=\"696\" aria-label=\"\" role=\"img\" ><\/div>\n\t\t\t\t\t\t\t\t\t\t\t<div class=\"elementor-gallery-item__overlay\"><\/div>\n\t\t\t\t\t\t\t\t\t\t\t\t\t\t\t<div class=\"elementor-gallery-item__content\">\n\t\t\t\t\t\t\t\t\t\t\t\t\t\t<div class=\"elementor-gallery-item__title\">\n\t\t\t\t\t\t\t\t\t\t\t\t\t\t\t\t\t\tGerhard Richter. Overpainted Photographs\t\t\t\t\t\t\t\t<\/div>\n\t\t\t\t\t\t\t\t\t\t\t\t\t\t\t<div class=\"elementor-gallery-item__description\">\n\t\t\t\t\t\t\t\t\t\t\t\t\t\t\t\t\t\tLUMA Arles, du 1er mai 2026 au 10 janvier 2027\t\t\t\t\t\t\t\t<\/div>\n\t\t\t\t\t\t\t\t\t\t\t\t<\/div>\n\t\t\t\t\t\t\t\t\t<\/div>\n\t\t\t\t\t\t\t<div class=\"e-gallery-item elementor-gallery-item elementor-animated-content\" data-e-gallery-tags=\"0\" tabindex=\"0\">\n\t\t\t\t\t<div class=\"e-gallery-image elementor-gallery-item__image\" data-thumbnail=\"https:\/\/www.claudinecolin.com\/news\/wp-content\/uploads\/2026\/04\/3.julianknxx-2-1024x576.jpg\" data-width=\"1024\" data-height=\"576\" aria-label=\"\" role=\"img\" ><\/div>\n\t\t\t\t\t\t\t\t\t\t\t<div class=\"elementor-gallery-item__overlay\"><\/div>\n\t\t\t\t\t\t\t\t\t\t\t\t\t\t\t<div class=\"elementor-gallery-item__content\">\n\t\t\t\t\t\t\t\t\t\t\t\t\t\t<div class=\"elementor-gallery-item__title\">\n\t\t\t\t\t\t\t\t\t\t\t\t\t\t\t\t\t\tJulianknxx. In Search of Incredible\t\t\t\t\t\t\t\t<\/div>\n\t\t\t\t\t\t\t\t\t\t\t\t\t\t\t<div class=\"elementor-gallery-item__description\">\n\t\t\t\t\t\t\t\t\t\t\t\t\t\t\t\t\t\tLUMA Arles, du 1er mai 2026 au 10 janvier 2027\t\t\t\t\t\t\t\t<\/div>\n\t\t\t\t\t\t\t\t\t\t\t\t<\/div>\n\t\t\t\t\t\t\t\t\t<\/div>\n\t\t\t\t\t\t\t<div class=\"e-gallery-item elementor-gallery-item elementor-animated-content\" data-e-gallery-tags=\"0\" tabindex=\"0\">\n\t\t\t\t\t<div class=\"e-gallery-image elementor-gallery-item__image\" data-thumbnail=\"https:\/\/www.claudinecolin.com\/news\/wp-content\/uploads\/2026\/04\/4.Delta_\u00a9-Faux-Dimanche-Films-MDAC-Productions-Anna-Lena-Films-2026-2112-x-1188-1-1024x576.jpg\" data-width=\"1024\" data-height=\"576\" aria-label=\"\" role=\"img\" ><\/div>\n\t\t\t\t\t\t\t\t\t\t\t<div class=\"elementor-gallery-item__overlay\"><\/div>\n\t\t\t\t\t\t\t\t\t\t\t\t\t\t\t<div class=\"elementor-gallery-item__content\">\n\t\t\t\t\t\t\t\t\t\t\t\t\t\t<div class=\"elementor-gallery-item__title\">\n\t\t\t\t\t\t\t\t\t\t\t\t\t\t\t\t\t\tVerena Paravel. Delta\t\t\t\t\t\t\t\t<\/div>\n\t\t\t\t\t\t\t\t\t\t\t\t\t\t\t<div class=\"elementor-gallery-item__description\">\n\t\t\t\t\t\t\t\t\t\t\t\t\t\t\t\t\t\tLUMA Arles, du 1er mai 2026 au 10 janvier 2027\t\t\t\t\t\t\t\t<\/div>\n\t\t\t\t\t\t\t\t\t\t\t\t<\/div>\n\t\t\t\t\t\t\t\t\t<\/div>\n\t\t\t\t\t\t\t<div class=\"e-gallery-item elementor-gallery-item elementor-animated-content\" data-e-gallery-tags=\"0\" tabindex=\"0\">\n\t\t\t\t\t<div class=\"e-gallery-image elementor-gallery-item__image\" data-thumbnail=\"https:\/\/www.claudinecolin.com\/news\/wp-content\/uploads\/2026\/04\/5.\u00a9-Editions-Cahiers-dArt-Paris-2026-Large-791x1024.jpg\" data-width=\"791\" data-height=\"1024\" aria-label=\"\" role=\"img\" ><\/div>\n\t\t\t\t\t\t\t\t\t\t\t<div class=\"elementor-gallery-item__overlay\"><\/div>\n\t\t\t\t\t\t\t\t\t\t\t\t\t\t\t<div class=\"elementor-gallery-item__content\">\n\t\t\t\t\t\t\t\t\t\t\t\t\t\t<div class=\"elementor-gallery-item__title\">\n\t\t\t\t\t\t\t\t\t\t\t\t\t\t\t\t\t\t100 ans de Cahiers d'Art et LUMA Arles\t\t\t\t\t\t\t\t<\/div>\n\t\t\t\t\t\t\t\t\t\t\t\t\t\t\t<div class=\"elementor-gallery-item__description\">\n\t\t\t\t\t\t\t\t\t\t\t\t\t\t\t\t\t\tLUMA Arles, \u00e0 partir du 1er mai 2026\t\t\t\t\t\t\t\t<\/div>\n\t\t\t\t\t\t\t\t\t\t\t\t<\/div>\n\t\t\t\t\t\t\t\t\t<\/div>\n\t\t\t\t\t\t\t<div class=\"e-gallery-item elementor-gallery-item elementor-animated-content\" data-e-gallery-tags=\"0\" tabindex=\"0\">\n\t\t\t\t\t<div class=\"e-gallery-image elementor-gallery-item__image\" data-thumbnail=\"https:\/\/www.claudinecolin.com\/news\/wp-content\/uploads\/2026\/04\/6.Zaha-Hadid-1024x683.jpg\" data-width=\"1024\" data-height=\"683\" aria-label=\"\" role=\"img\" ><\/div>\n\t\t\t\t\t\t\t\t\t\t\t<div class=\"elementor-gallery-item__overlay\"><\/div>\n\t\t\t\t\t\t\t\t\t\t\t\t\t\t\t<div class=\"elementor-gallery-item__content\">\n\t\t\t\t\t\t\t\t\t\t\t\t\t\t<div class=\"elementor-gallery-item__title\">\n\t\t\t\t\t\t\t\t\t\t\t\t\t\t\t\t\t\tArchives Hans Ulrich Obrist Chapitre 6 : Zaha Hadid \u201cJe pense que l\u2019exp\u00e9rimentation ne devrait pas avoir de fin\u201d\t\t\t\t\t\t\t\t<\/div>\n\t\t\t\t\t\t\t\t\t\t\t\t\t\t\t<div class=\"elementor-gallery-item__description\">\n\t\t\t\t\t\t\t\t\t\t\t\t\t\t\t\t\t\tLUMA Arles, \u00e0 partir du 1er mai 2026\t\t\t\t\t\t\t\t<\/div>\n\t\t\t\t\t\t\t\t\t\t\t\t<\/div>\n\t\t\t\t\t\t\t\t\t<\/div>\n\t\t\t\t\t\t\t<div class=\"e-gallery-item elementor-gallery-item elementor-animated-content\" data-e-gallery-tags=\"0\" tabindex=\"0\">\n\t\t\t\t\t<div class=\"e-gallery-image elementor-gallery-item__image\" data-thumbnail=\"https:\/\/www.claudinecolin.com\/news\/wp-content\/uploads\/2026\/04\/7.1.-Asetta_5-1024x683.jpg\" data-width=\"1024\" data-height=\"683\" aria-label=\"\" role=\"img\" ><\/div>\n\t\t\t\t\t\t\t\t\t\t\t<div class=\"elementor-gallery-item__overlay\"><\/div>\n\t\t\t\t\t\t\t\t\t\t\t\t\t\t\t<div class=\"elementor-gallery-item__content\">\n\t\t\t\t\t\t\t\t\t\t\t\t\t\t<div class=\"elementor-gallery-item__title\">\n\t\t\t\t\t\t\t\t\t\t\t\t\t\t\t\t\t\tAmina Agueznay, As\u01dd\u1e6d\u1e6da, Pavillon marocain \u00e0 la 61e Biennale d\u2019art de Venise\t\t\t\t\t\t\t\t<\/div>\n\t\t\t\t\t\t\t\t\t\t\t\t\t\t\t<div class=\"elementor-gallery-item__description\">\n\t\t\t\t\t\t\t\t\t\t\t\t\t\t\t\t\t\tArsenale, Venise, Italie, du 9 mai au 22 novembre 2026\t\t\t\t\t\t\t\t<\/div>\n\t\t\t\t\t\t\t\t\t\t\t\t<\/div>\n\t\t\t\t\t\t\t\t\t<\/div>\n\t\t\t\t\t\t\t<div class=\"e-gallery-item elementor-gallery-item elementor-animated-content\" data-e-gallery-tags=\"0\" tabindex=\"0\">\n\t\t\t\t\t<div class=\"e-gallery-image elementor-gallery-item__image\" data-thumbnail=\"https:\/\/www.claudinecolin.com\/news\/wp-content\/uploads\/2026\/04\/8.14-1024x576.jpg\" data-width=\"1024\" data-height=\"576\" aria-label=\"\" role=\"img\" ><\/div>\n\t\t\t\t\t\t\t\t\t\t\t<div class=\"elementor-gallery-item__overlay\"><\/div>\n\t\t\t\t\t\t\t\t\t\t\t\t\t\t\t<div class=\"elementor-gallery-item__content\">\n\t\t\t\t\t\t\t\t\t\t\t\t\t\t<div class=\"elementor-gallery-item__title\">\n\t\t\t\t\t\t\t\t\t\t\t\t\t\t\t\t\t\tBogna Burska & Daniel Kotowski, Liquid Tongues, Pavillon polonais de la 61e Biennale d\u2019art de Venise\t\t\t\t\t\t\t\t<\/div>\n\t\t\t\t\t\t\t\t\t\t\t\t\t\t\t<div class=\"elementor-gallery-item__description\">\n\t\t\t\t\t\t\t\t\t\t\t\t\t\t\t\t\t\tGiardini della Biennale, Venise, Italie, du 9 mai au 22 novembre 2026\t\t\t\t\t\t\t\t<\/div>\n\t\t\t\t\t\t\t\t\t\t\t\t<\/div>\n\t\t\t\t\t\t\t\t\t<\/div>\n\t\t\t\t\t\t\t<div class=\"e-gallery-item elementor-gallery-item elementor-animated-content\" data-e-gallery-tags=\"0\" tabindex=\"0\">\n\t\t\t\t\t<div class=\"e-gallery-image elementor-gallery-item__image\" data-thumbnail=\"https:\/\/www.claudinecolin.com\/news\/wp-content\/uploads\/2026\/04\/9.ARASH-NASSIRI-2-1024x567.jpg\" data-width=\"1024\" data-height=\"567\" aria-label=\"\" role=\"img\" ><\/div>\n\t\t\t\t\t\t\t\t\t\t\t<div class=\"elementor-gallery-item__overlay\"><\/div>\n\t\t\t\t\t\t\t\t\t\t\t\t\t\t\t<div class=\"elementor-gallery-item__content\">\n\t\t\t\t\t\t\t\t\t\t\t\t\t\t<div class=\"elementor-gallery-item__title\">\n\t\t\t\t\t\t\t\t\t\t\t\t\t\t\t\t\t\tArash Nassiri. Night Mode\t\t\t\t\t\t\t\t<\/div>\n\t\t\t\t\t\t\t\t\t\t\t\t\t\t\t<div class=\"elementor-gallery-item__description\">\n\t\t\t\t\t\t\t\t\t\t\t\t\t\t\t\t\t\tFondation Pernod Ricard, Paris, du 12 mai au 18 juillet 2026\t\t\t\t\t\t\t\t<\/div>\n\t\t\t\t\t\t\t\t\t\t\t\t<\/div>\n\t\t\t\t\t\t\t\t\t<\/div>\n\t\t\t\t\t\t\t<div class=\"e-gallery-item elementor-gallery-item elementor-animated-content\" data-e-gallery-tags=\"0\" tabindex=\"0\">\n\t\t\t\t\t<div class=\"e-gallery-image elementor-gallery-item__image\" data-thumbnail=\"https:\/\/www.claudinecolin.com\/news\/wp-content\/uploads\/2026\/04\/10.Dig053-09-006_11450-1024x683.jpg\" data-width=\"1024\" data-height=\"683\" aria-label=\"\" role=\"img\" ><\/div>\n\t\t\t\t\t\t\t\t\t\t\t<div class=\"elementor-gallery-item__overlay\"><\/div>\n\t\t\t\t\t\t\t\t\t\t\t\t\t\t\t<div class=\"elementor-gallery-item__content\">\n\t\t\t\t\t\t\t\t\t\t\t\t\t\t<div class=\"elementor-gallery-item__title\">\n\t\t\t\t\t\t\t\t\t\t\t\t\t\t\t\t\t\tPlumes de paradis, Voyages d\u2019un oiseau extraordinaire de Nouvelle-Guin\u00e9e\t\t\t\t\t\t\t\t<\/div>\n\t\t\t\t\t\t\t\t\t\t\t\t\t\t\t<div class=\"elementor-gallery-item__description\">\n\t\t\t\t\t\t\t\t\t\t\t\t\t\t\t\t\t\tMus\u00e9e du quai Branly \u2013 Jacques Chirac, Paris, du 12 mai au 8 novembre 2026\t\t\t\t\t\t\t\t<\/div>\n\t\t\t\t\t\t\t\t\t\t\t\t<\/div>\n\t\t\t\t\t\t\t\t\t<\/div>\n\t\t\t\t\t\t\t<div class=\"e-gallery-item elementor-gallery-item elementor-animated-content\" data-e-gallery-tags=\"0\" tabindex=\"0\">\n\t\t\t\t\t<div class=\"e-gallery-image elementor-gallery-item__image\" data-thumbnail=\"https:\/\/www.claudinecolin.com\/news\/wp-content\/uploads\/2026\/04\/11.Pauline-Julier-La-Grotte-2017-2019-\u00a9-Courtesy-de-lartiste1-1024x576.jpg\" data-width=\"1024\" data-height=\"576\" aria-label=\"\" role=\"img\" ><\/div>\n\t\t\t\t\t\t\t\t\t\t\t<div class=\"elementor-gallery-item__overlay\"><\/div>\n\t\t\t\t\t\t\t\t\t\t\t\t\t\t\t<div class=\"elementor-gallery-item__content\">\n\t\t\t\t\t\t\t\t\t\t\t\t\t\t<div class=\"elementor-gallery-item__title\">\n\t\t\t\t\t\t\t\t\t\t\t\t\t\t\t\t\t\tInterstellar. R\u00e9-imaginer la Terre\t\t\t\t\t\t\t\t<\/div>\n\t\t\t\t\t\t\t\t\t\t\t\t\t\t\t<div class=\"elementor-gallery-item__description\">\n\t\t\t\t\t\t\t\t\t\t\t\t\t\t\t\t\t\tHAB Galerie, Nantes, du 23 mai au 27 septembre 2026\t\t\t\t\t\t\t\t<\/div>\n\t\t\t\t\t\t\t\t\t\t\t\t<\/div>\n\t\t\t\t\t\t\t\t\t<\/div>\n\t\t\t\t\t\t\t<div class=\"e-gallery-item elementor-gallery-item elementor-animated-content\" data-e-gallery-tags=\"0\" tabindex=\"0\">\n\t\t\t\t\t<div class=\"e-gallery-image elementor-gallery-item__image\" data-thumbnail=\"https:\/\/www.claudinecolin.com\/news\/wp-content\/uploads\/2026\/04\/12.KimGordon_12341-Brandford-St-Sun-Valley-1024x578.jpg\" data-width=\"1024\" data-height=\"578\" aria-label=\"\" role=\"img\" ><\/div>\n\t\t\t\t\t\t\t\t\t\t\t<div class=\"elementor-gallery-item__overlay\"><\/div>\n\t\t\t\t\t\t\t\t\t\t\t\t\t\t\t<div class=\"elementor-gallery-item__content\">\n\t\t\t\t\t\t\t\t\t\t\t\t\t\t<div class=\"elementor-gallery-item__title\">\n\t\t\t\t\t\t\t\t\t\t\t\t\t\t\t\t\t\tKim Gordon. Stories For a Body\t\t\t\t\t\t\t\t<\/div>\n\t\t\t\t\t\t\t\t\t\t\t\t\t\t\t<div class=\"elementor-gallery-item__description\">\n\t\t\t\t\t\t\t\t\t\t\t\t\t\t\t\t\t\tCollection Lambert, Avignon, du 24 mai au 20 septembre 2026\t\t\t\t\t\t\t\t<\/div>\n\t\t\t\t\t\t\t\t\t\t\t\t<\/div>\n\t\t\t\t\t\t\t\t\t<\/div>\n\t\t\t\t\t\t\t<div class=\"e-gallery-item elementor-gallery-item elementor-animated-content\" data-e-gallery-tags=\"0\" tabindex=\"0\">\n\t\t\t\t\t<div class=\"e-gallery-image elementor-gallery-item__image\" data-thumbnail=\"https:\/\/www.claudinecolin.com\/news\/wp-content\/uploads\/2026\/04\/13.ShilpaGupta_I-want-to-live-with-no-fear-1024x768.jpg\" data-width=\"1024\" data-height=\"768\" aria-label=\"\" role=\"img\" ><\/div>\n\t\t\t\t\t\t\t\t\t\t\t<div class=\"elementor-gallery-item__overlay\"><\/div>\n\t\t\t\t\t\t\t\t\t\t\t\t\t\t\t<div class=\"elementor-gallery-item__content\">\n\t\t\t\t\t\t\t\t\t\t\t\t\t\t<div class=\"elementor-gallery-item__title\">\n\t\t\t\t\t\t\t\t\t\t\t\t\t\t\t\t\t\tLe murmure des Libres. Shilpa Gupta, Geumhyung Jeong, Jumana Manna\t\t\t\t\t\t\t\t<\/div>\n\t\t\t\t\t\t\t\t\t\t\t\t\t\t\t<div class=\"elementor-gallery-item__description\">\n\t\t\t\t\t\t\t\t\t\t\t\t\t\t\t\t\t\tCollection Lambert, Avignon, du 24 mai au 20 septembre 2026\t\t\t\t\t\t\t\t<\/div>\n\t\t\t\t\t\t\t\t\t\t\t\t<\/div>\n\t\t\t\t\t\t\t\t\t<\/div>\n\t\t\t\t\t\t\t<div class=\"e-gallery-item elementor-gallery-item elementor-animated-content\" data-e-gallery-tags=\"0\" tabindex=\"0\">\n\t\t\t\t\t<div class=\"e-gallery-image elementor-gallery-item__image\" data-thumbnail=\"https:\/\/www.claudinecolin.com\/news\/wp-content\/uploads\/2026\/04\/14.Pierre-Huyghe_Liminals_2025_Film-still_5-1024x1024.jpg\" data-width=\"1024\" data-height=\"1024\" aria-label=\"\" role=\"img\" ><\/div>\n\t\t\t\t\t\t\t\t\t\t\t<div class=\"elementor-gallery-item__overlay\"><\/div>\n\t\t\t\t\t\t\t\t\t\t\t\t\t\t\t<div class=\"elementor-gallery-item__content\">\n\t\t\t\t\t\t\t\t\t\t\t\t\t\t<div class=\"elementor-gallery-item__title\">\n\t\t\t\t\t\t\t\t\t\t\t\t\t\t\t\t\t\tPierre Huyghe\t\t\t\t\t\t\t\t<\/div>\n\t\t\t\t\t\t\t\t\t\t\t\t\t\t\t<div class=\"elementor-gallery-item__description\">\n\t\t\t\t\t\t\t\t\t\t\t\t\t\t\t\t\t\tFondation Beyeler, Riehen\/B\u00e2le, Suisse, du 24 mai au 13 septembre 2026\t\t\t\t\t\t\t\t<\/div>\n\t\t\t\t\t\t\t\t\t\t\t\t<\/div>\n\t\t\t\t\t\t\t\t\t<\/div>\n\t\t\t\t\t<\/div>\n\t\t\t\t\t<\/div>\n\t\t\t\t<\/div>\n\t\t\t\t\t<\/div>\n\t\t<\/div>\n\t\t\t\t\t<\/div>\n\t\t<\/section>\n\t\t\t\t<section class=\"elementor-section elementor-top-section elementor-element elementor-element-674d7417 elementor-section-boxed elementor-section-height-default elementor-section-height-default\" data-id=\"674d7417\" data-element_type=\"section\" data-e-type=\"section\">\n\t\t\t\t\t\t<div class=\"elementor-container elementor-column-gap-default\">\n\t\t\t\t\t<div class=\"elementor-column elementor-col-100 elementor-top-column elementor-element elementor-element-7deafd00\" data-id=\"7deafd00\" data-element_type=\"column\" data-e-type=\"column\">\n\t\t\t<div class=\"elementor-widget-wrap elementor-element-populated\">\n\t\t\t\t\t\t<div class=\"elementor-element elementor-element-6b7aee63 elementor-widget elementor-widget-heading\" data-id=\"6b7aee63\" data-element_type=\"widget\" data-e-type=\"widget\" data-widget_type=\"heading.default\">\n\t\t\t\t<div class=\"elementor-widget-container\">\n\t\t\t\t\t<h2 class=\"elementor-heading-title elementor-size-small\">SUR LES R\u00c9SEAUX SOCIAUX<\/h2>\t\t\t\t<\/div>\n\t\t\t\t<\/div>\n\t\t\t\t\t<\/div>\n\t\t<\/div>\n\t\t\t\t\t<\/div>\n\t\t<\/section>\n\t\t\t\t<section class=\"elementor-section elementor-top-section elementor-element elementor-element-416ec4dd elementor-section-boxed elementor-section-height-default elementor-section-height-default\" data-id=\"416ec4dd\" data-element_type=\"section\" data-e-type=\"section\">\n\t\t\t\t\t\t<div class=\"elementor-container elementor-column-gap-default\">\n\t\t\t\t\t<div class=\"elementor-column elementor-col-100 elementor-top-column elementor-element elementor-element-76ffaf90\" data-id=\"76ffaf90\" data-element_type=\"column\" data-e-type=\"column\">\n\t\t\t<div class=\"elementor-widget-wrap elementor-element-populated\">\n\t\t\t\t\t\t<div class=\"elementor-element elementor-element-177dc8fe elementor--h-position-center elementor--v-position-middle elementor-arrows-position-inside elementor-pagination-position-inside elementor-widget elementor-widget-slides\" data-id=\"177dc8fe\" data-element_type=\"widget\" data-e-type=\"widget\" data-settings=\"{&quot;transition_speed&quot;:400,&quot;navigation&quot;:&quot;both&quot;,&quot;autoplay&quot;:&quot;yes&quot;,&quot;pause_on_hover&quot;:&quot;yes&quot;,&quot;pause_on_interaction&quot;:&quot;yes&quot;,&quot;autoplay_speed&quot;:5000,&quot;infinite&quot;:&quot;yes&quot;,&quot;transition&quot;:&quot;slide&quot;}\" data-widget_type=\"slides.default\">\n\t\t\t\t<div class=\"elementor-widget-container\">\n\t\t\t\t\t\t\t\t\t<div class=\"elementor-swiper\">\n\t\t\t\t\t<div class=\"elementor-slides-wrapper elementor-main-swiper swiper\" role=\"region\" aria-roledescription=\"carousel\" aria-label=\"Diapositives\" dir=\"ltr\" data-animation=\"zoomIn\">\n\t\t\t\t<div class=\"swiper-wrapper elementor-slides\">\n\t\t\t\t\t\t\t\t\t\t<div class=\"elementor-repeater-item-f33db5c swiper-slide\" role=\"group\" aria-roledescription=\"slide\"><div class=\"swiper-slide-bg\" role=\"img\" aria-label=\"\u00c9tat restaur\u00e9 apr\u00e8s am\u00e9nagement du parc.\"><\/div><div class=\"elementor-background-overlay\"><\/div><a class=\"swiper-slide-inner\" href=\"https:\/\/www.instagram.com\/p\/DXW9R00DLoM\/?img_index=1\"><div class=\"swiper-slide-contents\"><div class=\"elementor-slide-heading\">\u00c0 deux pas de Lille, le m\u00e9dia MAD nous fait d\u00e9couvrir un joyau architectural : la Villa Cavrois<\/div><div  class=\"elementor-button elementor-slide-button elementor-size-sm\">Visiter<\/div><\/div><\/a><\/div><div class=\"elementor-repeater-item-362b072 swiper-slide\" role=\"group\" aria-roledescription=\"slide\"><div class=\"swiper-slide-bg\" role=\"img\" aria-label=\"Galerie du temps_in situ (6) \u00a9 Louvre-Lens_Manuel Cohen\"><\/div><div class=\"elementor-background-overlay\"><\/div><a class=\"swiper-slide-inner\" href=\"https:\/\/www.instagram.com\/p\/DW_6CWaDGJ8\/\"><div class=\"swiper-slide-contents\"><div class=\"elementor-slide-heading\">Pierre Petit nous montre trois \u0153uvres \u00e0 voir absolument au Louvre-Lens<\/div><div class=\"elementor-slide-description\">\u00ab Par-del\u00e0 les Mille et Une Nuits.\nHistoires des orientalismes \u00bb, Louvre-Lens, du 25 mars au 20 juillet 2026<\/div><div  class=\"elementor-button elementor-slide-button elementor-size-sm\">Apprendre<\/div><\/div><\/a><\/div><div class=\"elementor-repeater-item-082b4bd swiper-slide\" role=\"group\" aria-roledescription=\"slide\"><div class=\"swiper-slide-bg\" role=\"img\" aria-label=\"R\u00e9ouverture du MADD, Mus\u00e9e des Arts D\u00e9coratifs et du Design\"><\/div><div class=\"elementor-background-overlay\"><\/div><a class=\"swiper-slide-inner\" href=\"https:\/\/www.instagram.com\/reels\/DXcLwUyjDMJ\/\"><div class=\"swiper-slide-contents\"><div class=\"elementor-slide-heading\"> \u00c0 Bordeaux, Florin Defrance nous emm\u00e8ne dans les coulisses de la r\u00e9ouverture du MADD <\/div><div class=\"elementor-slide-description\">Inauguration du MADD - Mus\u00e9e des Arts d\u00e9coratifs\net du Design de Bordeaux, le 22 avril 2026<\/div><div  class=\"elementor-button elementor-slide-button elementor-size-sm\">D\u00e9couvrir<\/div><\/div><\/a><\/div>\t\t\t\t<\/div>\n\t\t\t\t\t\t\t\t\t\t\t\t\t\t\t<div class=\"elementor-swiper-button elementor-swiper-button-prev\" role=\"button\" tabindex=\"0\" aria-label=\"Diapositive pr\u00e9c\u00e9dente\">\n\t\t\t\t\t\t\t<i aria-hidden=\"true\" class=\"eicon-chevron-left\"><\/i>\t\t\t\t\t\t<\/div>\n\t\t\t\t\t\t<div class=\"elementor-swiper-button elementor-swiper-button-next\" role=\"button\" tabindex=\"0\" aria-label=\"Diapositive suivante\">\n\t\t\t\t\t\t\t<i aria-hidden=\"true\" class=\"eicon-chevron-right\"><\/i>\t\t\t\t\t\t<\/div>\n\t\t\t\t\t\t\t\t\t\t\t\t\t\t\t\t<div class=\"swiper-pagination\"><\/div>\n\t\t\t\t\t\t\t\t\t\t\t\t<\/div>\n\t\t\t\t<\/div>\n\t\t\t\t\t\t\t\t<\/div>\n\t\t\t\t<\/div>\n\t\t\t\t\t<\/div>\n\t\t<\/div>\n\t\t\t\t\t<\/div>\n\t\t<\/section>\n\t\t\t\t<\/div>\n\t\t","protected":false},"excerpt":{"rendered":"<p>\u00c0 VOIR AU MOIS DE MAI LES \u00c9V\u00c8NEMENTS \u00c0 VENIR Camille Henrot. In The Veins LUMA Arles, du 1er mai 2026 au 10 janvier 2027 Gerhard Richter. Overpainted Photographs LUMA Arles, du 1er mai 2026 au 10 janvier 2027 Julianknxx. In Search of Incredible LUMA Arles, du 1er mai 2026 au 10 janvier 2027 Verena [&hellip;]<\/p>\n","protected":false},"author":5,"featured_media":0,"parent":0,"menu_order":0,"comment_status":"closed","ping_status":"closed","template":"","meta":{"footnotes":""},"class_list":["post-8141","page","type-page","status-publish","hentry"],"_links":{"self":[{"href":"https:\/\/www.claudinecolin.com\/news\/wp-json\/wp\/v2\/pages\/8141","targetHints":{"allow":["GET"]}}],"collection":[{"href":"https:\/\/www.claudinecolin.com\/news\/wp-json\/wp\/v2\/pages"}],"about":[{"href":"https:\/\/www.claudinecolin.com\/news\/wp-json\/wp\/v2\/types\/page"}],"author":[{"embeddable":true,"href":"https:\/\/www.claudinecolin.com\/news\/wp-json\/wp\/v2\/users\/5"}],"replies":[{"embeddable":true,"href":"https:\/\/www.claudinecolin.com\/news\/wp-json\/wp\/v2\/comments?post=8141"}],"version-history":[{"count":22,"href":"https:\/\/www.claudinecolin.com\/news\/wp-json\/wp\/v2\/pages\/8141\/revisions"}],"predecessor-version":[{"id":8214,"href":"https:\/\/www.claudinecolin.com\/news\/wp-json\/wp\/v2\/pages\/8141\/revisions\/8214"}],"wp:attachment":[{"href":"https:\/\/www.claudinecolin.com\/news\/wp-json\/wp\/v2\/media?parent=8141"}],"curies":[{"name":"wp","href":"https:\/\/api.w.org\/{rel}","templated":true}]}}